{"id":989,"date":"2020-02-10T12:28:59","date_gmt":"2020-02-10T11:28:59","guid":{"rendered":"https:\/\/trema.hr\/?page_id=989"},"modified":"2025-12-16T15:53:29","modified_gmt":"2025-12-16T14:53:29","slug":"biologija","status":"publish","type":"page","link":"https:\/\/trema.hr\/?page_id=989","title":{"rendered":"Mladi prirodoslovac"},"content":{"rendered":"\n<p><em>\u201e<\/em><em>\u010cuvajmo Zemlju i prirodu na njoj, jer ih nismo naslijedili od svojih djedova i o\u010deva, nego smo ih posudili od svojih potomaka.\u201c<\/em>&nbsp;&nbsp;( Poglavica Bik Koji Sjedi)<br><\/p>\n\n\n\n<p><em>\u201eSve knjige sam zatvorio, a samo jedna \u0107e ostati svim o\u010dima otvorena za svagda, knjiga prirode.\u201c<\/em><em>&nbsp; <\/em>(J. J. Rousseau)<br><\/p>\n\n\n<section class=\"gutentor-section gutentor-blog-post-wrapper blog-template1 wp-block-gutentor-blog-post\" id=\"section-g-nkdetd4\" >\n<div class='grid-container'><div class=\"gutentor-block-header\"><div class=\"gutentor-section-title enable-title-design seperator-bottom text-center \"  >\n<h2 class=\"gutentor-title\">\n<br>U\u010deni\u010dki radovi<br><\/h2>\n<\/div>\n<\/div><div class='gutentor-grid-item-wrap '  ><div class='grid-row ' ><article class='gutentor-post-no-thumb  grid-md-4 grid-sm-4 grid-xs-12 blog-grid'><div class=\"gutentor-single-item\"><div class=\"gutentor-single-item-image-box\"><\/div><div class=\"gutentor-post-content\"><h3 class=\"gutentor-single-item-title\"><a href=\"https:\/\/trema.hr\/?p=6278\" rel=\"bookmark\">34. me\u0111unarodna biolo\u0161ka olimpijada (International Biology olympiad \u2013 IBO)<\/a><\/h3><div class=\"entry-meta\"><div class=\"posted-on\"><i class=\"far fa-calendar-alt\"><\/i><a href=\"https:\/\/trema.hr\/?p=6278\" rel=\"bookmark\">12 srpnja, 2023<\/a><\/div><div class=\"cat-links\"><i class=\"fas fa-tags\"><\/i><a href=\"https:\/\/trema.hr\/?cat=65\" rel=\"category\">Biologija<\/a>, <a href=\"https:\/\/trema.hr\/?cat=21\" rel=\"category\">Natjecanja<\/a>, <a href=\"https:\/\/trema.hr\/?cat=20\" rel=\"category\">Obavijesti<\/a>, <a href=\"https:\/\/trema.hr\/?cat=94\" rel=\"category\">Vi\u0161e o natjecanjima<\/a><\/div><\/div><div class=\"gutentor-post-excerpt gutentor-single-item-desc\"><p class='gutentor-single-item-desc'>Veliki uspjeh na\u0161eg Marija Vrdoljaka i cijelog hrvatskog tima&nbsp;na&nbsp;34. me\u0111unarodnoj biolo\u0161ko&hellip;<\/p><\/div><\/div><\/div><\/article><article class='gutentor-post-no-thumb  grid-md-4 grid-sm-4 grid-xs-12 blog-grid'><div class=\"gutentor-single-item\"><div class=\"gutentor-single-item-image-box\"><\/div><div class=\"gutentor-post-content\"><h3 class=\"gutentor-single-item-title\"><a href=\"https:\/\/trema.hr\/?p=4009\" rel=\"bookmark\">UTJECAJ PRIRODNIH I KOMERCIJALNIH DEZINFICIJENSA NA RAST I RAZVOJ BAKTERIJA<\/a><\/h3><div class=\"entry-meta\"><div class=\"posted-on\"><i class=\"far fa-calendar-alt\"><\/i><a href=\"https:\/\/trema.hr\/?p=4009\" rel=\"bookmark\">17 svibnja, 2021<\/a><\/div><div class=\"cat-links\"><i class=\"fas fa-tags\"><\/i><a href=\"https:\/\/trema.hr\/?cat=65\" rel=\"category\">Biologija<\/a><\/div><\/div><div class=\"gutentor-post-excerpt gutentor-single-item-desc\"><p class='gutentor-single-item-desc'>&nbsp;&hellip;<\/p><\/div><\/div><\/div><\/article><\/div><\/div><\/div><\/section>\n\n\n<p>\u010covjek je dio \u017eivog svijeta, povezan s ostalim \u017eivim bi\u0107ima mre\u017eom osjetljivih i slo\u017eenih veza o kojima ovisi pre\u017eivljavanje ljudske vrste. U sklopu nastave biologije&nbsp; nastojimo pobuditi interes mladih za promatranje i istra\u017eivanje \u017eivoga svijeta istra\u017eivanjem struktura, funkcija i razvoja razli\u010ditih oblika \u017eivota na molekularnoj i stani\u010dnoj razini, na razini organizama, populacija, ekosustava i biosfere, interakcija i me\u0111uovisnosti koje se javljaju na svakoj od tih razina .<\/p>\n\n\n<section class=\"gutentor-section gutentor-blog-post-wrapper blog-template1 wp-block-gutentor-blog-post\" id=\"section-g-rscppdu\" >\n<div class='grid-container'><div class=\"gutentor-block-header\"><div class=\"gutentor-section-title enable-title-design seperator-bottom text-center \"  >\n<h2 class=\"gutentor-title\">\nNastavni materijali<\/h2>\n<\/div>\n<\/div><div class='gutentor-grid-item-wrap '  ><div class='grid-row ' ><article class='gutentor-post-no-thumb  grid-md-4 grid-sm-4 grid-xs-12 blog-grid'><div class=\"gutentor-single-item\"><div class=\"gutentor-single-item-image-box\"><\/div><div class=\"gutentor-post-content\"><h3 class=\"gutentor-single-item-title\"><a href=\"https:\/\/trema.hr\/?p=8841\" rel=\"bookmark\">Svjetski dan hrane<\/a><\/h3><div class=\"entry-meta\"><div class=\"posted-on\"><i class=\"far fa-calendar-alt\"><\/i><a href=\"https:\/\/trema.hr\/?p=8841\" rel=\"bookmark\">21 listopada, 2025<\/a><\/div><div class=\"cat-links\"><i class=\"fas fa-tags\"><\/i><a href=\"https:\/\/trema.hr\/?cat=68\" rel=\"category\">Biologija<\/a>, <a href=\"https:\/\/trema.hr\/?cat=20\" rel=\"category\">Obavijesti<\/a><\/div><\/div><div class=\"gutentor-post-excerpt gutentor-single-item-desc\"><p class='gutentor-single-item-desc'><\/p><\/div><\/div><\/div><\/article><article class='gutentor-post-no-thumb  grid-md-4 grid-sm-4 grid-xs-12 blog-grid'><div class=\"gutentor-single-item\"><div class=\"gutentor-single-item-image-box\"><\/div><div class=\"gutentor-post-content\"><h3 class=\"gutentor-single-item-title\"><a href=\"https:\/\/trema.hr\/?p=8761\" rel=\"bookmark\">Me\u0111unarodni dan vegetarijanstva i svjetski dan za\u0161tite \u017eivotinja<\/a><\/h3><div class=\"entry-meta\"><div class=\"posted-on\"><i class=\"far fa-calendar-alt\"><\/i><a href=\"https:\/\/trema.hr\/?p=8761\" rel=\"bookmark\">7 listopada, 2025<\/a><\/div><div class=\"cat-links\"><i class=\"fas fa-tags\"><\/i><a href=\"https:\/\/trema.hr\/?cat=68\" rel=\"category\">Biologija<\/a><\/div><\/div><div class=\"gutentor-post-excerpt gutentor-single-item-desc\"><p class='gutentor-single-item-desc'><\/p><\/div><\/div><\/div><\/article><article class='gutentor-post-no-thumb  grid-md-4 grid-sm-4 grid-xs-12 blog-grid'><div class=\"gutentor-single-item\"><div class=\"gutentor-single-item-image-box\"><\/div><div class=\"gutentor-post-content\"><h3 class=\"gutentor-single-item-title\"><a href=\"https:\/\/trema.hr\/?p=8666\" rel=\"bookmark\">Odr\u017eivi stil \u017eivota<\/a><\/h3><div class=\"entry-meta\"><div class=\"posted-on\"><i class=\"far fa-calendar-alt\"><\/i><a href=\"https:\/\/trema.hr\/?p=8666\" rel=\"bookmark\">23 rujna, 2025<\/a><\/div><div class=\"cat-links\"><i class=\"fas fa-tags\"><\/i><a href=\"https:\/\/trema.hr\/?cat=68\" rel=\"category\">Biologija<\/a>, <a href=\"https:\/\/trema.hr\/?cat=86\" rel=\"category\">eTwinning<\/a><\/div><\/div><div class=\"gutentor-post-excerpt gutentor-single-item-desc\"><p class='gutentor-single-item-desc'><\/p><\/div><\/div><\/div><\/article><article class='gutentor-post-no-thumb  grid-md-4 grid-sm-4 grid-xs-12 blog-grid'><div class=\"gutentor-single-item\"><div class=\"gutentor-single-item-image-box\"><\/div><div class=\"gutentor-post-content\"><h3 class=\"gutentor-single-item-title\"><a href=\"https:\/\/trema.hr\/?p=8663\" rel=\"bookmark\">Transverzalne vje\u0161tine 21. stolje\u0107a<\/a><\/h3><div class=\"entry-meta\"><div class=\"posted-on\"><i class=\"far fa-calendar-alt\"><\/i><a href=\"https:\/\/trema.hr\/?p=8663\" rel=\"bookmark\">23 rujna, 2025<\/a><\/div><div class=\"cat-links\"><i class=\"fas fa-tags\"><\/i><a href=\"https:\/\/trema.hr\/?cat=68\" rel=\"category\">Biologija<\/a>, <a href=\"https:\/\/trema.hr\/?cat=86\" rel=\"category\">eTwinning<\/a><\/div><\/div><div class=\"gutentor-post-excerpt gutentor-single-item-desc\"><p class='gutentor-single-item-desc'>Koordinator projekta: Vesna Dobroni\u0107Ciljevi aktivnosti: Objasniti i dokumentirati uzro\u010dno posljedi\u010dn&hellip;<\/p><\/div><\/div><\/div><\/article><article class='gutentor-post-no-thumb  grid-md-4 grid-sm-4 grid-xs-12 blog-grid'><div class=\"gutentor-single-item\"><div class=\"gutentor-single-item-image-box\"><\/div><div class=\"gutentor-post-content\"><h3 class=\"gutentor-single-item-title\"><a href=\"https:\/\/trema.hr\/?p=7758\" rel=\"bookmark\">Projekt Blue Connect<\/a><\/h3><div class=\"entry-meta\"><div class=\"posted-on\"><i class=\"far fa-calendar-alt\"><\/i><a href=\"https:\/\/trema.hr\/?p=7758\" rel=\"bookmark\">30 listopada, 2024<\/a><\/div><div class=\"cat-links\"><i class=\"fas fa-tags\"><\/i><a href=\"https:\/\/trema.hr\/?cat=95\" rel=\"category\">Aktivnosti na projektu Spoznaj bioraznolikost<\/a>, <a href=\"https:\/\/trema.hr\/?cat=20\" rel=\"category\">Obavijesti<\/a><\/div><\/div><div class=\"gutentor-post-excerpt gutentor-single-item-desc\"><p class='gutentor-single-item-desc'>Pro\u0161li utorak (22.10.2024.) u sklopu projekta Blue Connect 2.0, posjetili smo Pomorski fakultet Spli&hellip;<\/p><\/div><\/div><\/div><\/article><article class='gutentor-post-no-thumb  grid-md-4 grid-sm-4 grid-xs-12 blog-grid'><div class=\"gutentor-single-item\"><div class=\"gutentor-single-item-image-box\"><\/div><div class=\"gutentor-post-content\"><h3 class=\"gutentor-single-item-title\"><a href=\"https:\/\/trema.hr\/?p=7330\" rel=\"bookmark\">Projekt formula za razvoj \u017eivotnih vje\u0161tina<\/a><\/h3><div class=\"entry-meta\"><div class=\"posted-on\"><i class=\"far fa-calendar-alt\"><\/i><a href=\"https:\/\/trema.hr\/?p=7330\" rel=\"bookmark\">7 lipnja, 2024<\/a><\/div><div class=\"cat-links\"><i class=\"fas fa-tags\"><\/i><a href=\"https:\/\/trema.hr\/?cat=68\" rel=\"category\">Biologija<\/a>, <a href=\"https:\/\/trema.hr\/?cat=86\" rel=\"category\">eTwinning<\/a><\/div><\/div><div class=\"gutentor-post-excerpt gutentor-single-item-desc\"><p class='gutentor-single-item-desc'>https:\/\/sites.google.com\/view\/formula-za-razvoj-ivotnih-vjet\/po%C4%8Detna-stranica&hellip;<\/p><\/div><\/div><\/div><\/article><\/div><\/div><\/div><\/section>\n\n\n<p>U na\u0161oj \u0161koli nastava Biologije odvija se 2 sata tjedno u specijaliziranoj&nbsp; u\u010dionici opremljenoj pametnom plo\u010dom, modelima, mikroskopima i brojnim izlo\u0161cima Prirodoslovne zbirke. U nastavi se koristimo ud\u017ebenicima \u0160kolske knjige s dodatnim digitalnim materijalima ; Biologija1, \u017divot 2, \u017divot 3, Genetika i evolucija, Ekologija kao i dodatnim materijalima koje pripremaju nastavnici. Uz redovnu nastavu odr\u017eavaju se vje\u017ebe na kojima u\u010denici savladavaju tehnike mikroskopiranja.<\/p>\n\n\n\n<p>Na\u0161i u\u010denici redovito sudjeluju na raznim razinama natjecanja u znanju&nbsp; i istra\u017eiva\u010dkim projektima te osvajaju brojne nagrade  uklju\u010duju\u0107i dr\u017eavna natjecanja i me\u0111unarodne olimpijade.&nbsp; Aktivno sudjeluju na razli\u010ditim smotrama.  U \u0161koli djeluju  Volonteri Crvenog kri\u017ea i Prirodoslovna grupa u sklopu koje se provodi opse\u017ean projekt izrade virtualne prirodoslovne zbirke.<\/p>\n\n\n\n<p>U cilju poticanja prirodoslovno-znanstvene znati\u017eelje i interesa za znanstvena zanimanja ostvarujemo suradnju s ustanovama poput PMF-a, MEDILS-a, udruge Neuroznanost pri Medicinskom fakultetu u Splitu, HZJZ-a, Prirodoslovnog muzeja u Splitu.<\/p>\n\n\n\n<p>Mi\u0161lju kako okolina u kojoj boravimo poti\u010de kreativnost i razvija osobnost, pro\u0161etajte s nama kroz hodnik i u\u010dionicu biologije koji su s ljubavlju i veseljem ure\u0111eni uz veliku pomo\u0107 mladih prirodoslovaca III. gimnazije.<br>Mentorice Ines Alujevi\u0107 i Vesna Dobroni\u0107.<\/p>\n\n\n\n<p>Video uradak izradili Duje \u0160tolfa i Antonio Nikoli\u0107 s mentoricama<\/p>\n\n\n\n<figure class=\"wp-block-embed is-type-video is-provider-youtube wp-block-embed-youtube wp-embed-aspect-16-9 wp-has-aspect-ratio\"><div class=\"wp-block-embed__wrapper\">\n<iframe loading=\"lazy\" title=\"Kabinet biologije_III. gimnazija, Split\" width=\"640\" height=\"360\" src=\"https:\/\/www.youtube.com\/embed\/pgzphh8QsfQ?feature=oembed\" frameborder=\"0\" allow=\"accelerometer; autoplay; clipboard-write; encrypted-media; gyroscope; picture-in-picture; web-share\" referrerpolicy=\"strict-origin-when-cross-origin\" allowfullscreen><\/iframe>\n<\/div><\/figure>\n\n\n\n<h2 class=\"wp-block-heading\"> <\/h2>\n","protected":false},"excerpt":{"rendered":"<p> U sklopu nastave biologije  nastojimo pobuditi interes mladih za promatranje i istra\u017eivanje \u017eivoga svijeta  istra\u017eivanjem struktura, funkcija i razvoja razli\u010ditih oblika \u017eivota.<\/p>\n","protected":false},"author":1,"featured_media":0,"parent":99,"menu_order":0,"comment_status":"closed","ping_status":"closed","template":"","meta":{"footnotes":""},"class_list":["post-989","page","type-page","status-publish","hentry"],"_links":{"self":[{"href":"https:\/\/trema.hr\/index.php?rest_route=\/wp\/v2\/pages\/989","targetHints":{"allow":["GET"]}}],"collection":[{"href":"https:\/\/trema.hr\/index.php?rest_route=\/wp\/v2\/pages"}],"about":[{"href":"https:\/\/trema.hr\/index.php?rest_route=\/wp\/v2\/types\/page"}],"author":[{"embeddable":true,"href":"https:\/\/trema.hr\/index.php?rest_route=\/wp\/v2\/users\/1"}],"replies":[{"embeddable":true,"href":"https:\/\/trema.hr\/index.php?rest_route=%2Fwp%2Fv2%2Fcomments&post=989"}],"version-history":[{"count":4,"href":"https:\/\/trema.hr\/index.php?rest_route=\/wp\/v2\/pages\/989\/revisions"}],"predecessor-version":[{"id":9370,"href":"https:\/\/trema.hr\/index.php?rest_route=\/wp\/v2\/pages\/989\/revisions\/9370"}],"up":[{"embeddable":true,"href":"https:\/\/trema.hr\/index.php?rest_route=\/wp\/v2\/pages\/99"}],"wp:attachment":[{"href":"https:\/\/trema.hr\/index.php?rest_route=%2Fwp%2Fv2%2Fmedia&parent=989"}],"curies":[{"name":"wp","href":"https:\/\/api.w.org\/{rel}","templated":true}]}}