{"id":9133,"date":"2025-11-03T14:21:23","date_gmt":"2025-11-03T13:21:23","guid":{"rendered":"https:\/\/trema.hr\/?page_id=9133"},"modified":"2025-11-03T15:17:40","modified_gmt":"2025-11-03T14:17:40","slug":"svjetionik","status":"publish","type":"page","link":"https:\/\/trema.hr\/?page_id=9133","title":{"rendered":"Svjetionik"},"content":{"rendered":"\n<p><\/p>\n\n\n<section class=\"gutentor-section gutentor-blog-post-wrapper blog-template1 wp-block-gutentor-blog-post\" id=\"section-g-656babw\" >\n<div class='grid-container'><div class=\"gutentor-block-header\"><div class=\"gutentor-section-title enable-title-design seperator-bottom text-center \"  >\n<h2 class=\"gutentor-title\">\n<br>Obavijesti i doga\u0111anja<\/h2>\n<\/div>\n<\/div><div class='gutentor-grid-item-wrap '  ><div class='grid-row ' ><article class='gutentor-post-no-thumb  grid-lg-12 grid-md-4 grid-12 blog-grid'><div class=\"gutentor-single-item\"><div class=\"gutentor-single-item-image-box\"><\/div><div class=\"gutentor-post-content\"><h3 class=\"gutentor-single-item-title\"><a href=\"https:\/\/trema.hr\/?p=9650\" rel=\"bookmark\">Izlo\u017eba projekta SVJETIONIK u organizaciji u\u010denika 3. gimnazije, Split<\/a><\/h3><div class=\"entry-meta\"><div class=\"posted-on\"><i class=\"far fa-calendar-alt\"><\/i><a href=\"https:\/\/trema.hr\/?p=9650\" rel=\"bookmark\">11 o\u017eujka, 2026<\/a><\/div><\/div><div class=\"gutentor-post-excerpt gutentor-single-item-desc\"><p class='gutentor-single-item-desc'>U kvartu Split 3 na platou ispred &#8220;Prime&#8221;, odr\u017eana je prezentacija zanimljivih radova koje su izradi&hellip;<\/p><\/div><\/div><\/div><\/article><article class='gutentor-post-no-thumb  grid-lg-12 grid-md-4 grid-12 blog-grid'><div class=\"gutentor-single-item\"><div class=\"gutentor-single-item-image-box\"><\/div><div class=\"gutentor-post-content\"><h3 class=\"gutentor-single-item-title\"><a href=\"https:\/\/trema.hr\/?p=9492\" rel=\"bookmark\">Poziv na sudjelovanje na radionicama<\/a><\/h3><div class=\"entry-meta\"><div class=\"posted-on\"><i class=\"far fa-calendar-alt\"><\/i><a href=\"https:\/\/trema.hr\/?p=9492\" rel=\"bookmark\">20 sije\u010dnja, 2026<\/a><\/div><\/div><div class=\"gutentor-post-excerpt gutentor-single-item-desc\"><p class='gutentor-single-item-desc'>Pozivamo svu djecu, u\u010denike i mlade na sudjelovanje u edukativnim STEM radionicama i javnim manifest&hellip;<\/p><\/div><\/div><\/div><\/article><article class='gutentor-post-no-thumb  grid-lg-12 grid-md-4 grid-12 blog-grid'><div class=\"gutentor-single-item\"><div class=\"gutentor-single-item-image-box\"><\/div><div class=\"gutentor-post-content\"><h3 class=\"gutentor-single-item-title\"><a href=\"https:\/\/trema.hr\/?p=9143\" rel=\"bookmark\">KALENDAR DOGA\u0110ANJAu okviru projekta SVJETIONIK<\/a><\/h3><div class=\"entry-meta\"><div class=\"posted-on\"><i class=\"far fa-calendar-alt\"><\/i><a href=\"https:\/\/trema.hr\/?p=9143\" rel=\"bookmark\">3 studenoga, 2025<\/a><\/div><\/div><div class=\"gutentor-post-excerpt gutentor-single-item-desc\"><p class='gutentor-single-item-desc'><\/p><\/div><\/div><\/div><\/article><article class='gutentor-post-no-thumb  grid-lg-12 grid-md-4 grid-12 blog-grid'><div class=\"gutentor-single-item\"><div class=\"gutentor-single-item-image-box\"><\/div><div class=\"gutentor-post-content\"><h3 class=\"gutentor-single-item-title\"><a href=\"https:\/\/trema.hr\/?p=9141\" rel=\"bookmark\">Projekt SVJETIONIKuspje\u0161no napreduje \u2013 STEM u akciji!<\/a><\/h3><div class=\"entry-meta\"><div class=\"posted-on\"><i class=\"far fa-calendar-alt\"><\/i><a href=\"https:\/\/trema.hr\/?p=9141\" rel=\"bookmark\">3 studenoga, 2025<\/a><\/div><\/div><div class=\"gutentor-post-excerpt gutentor-single-item-desc\"><p class='gutentor-single-item-desc'>Projekt \u201eSVJETIONIK \u2013 STEM vje\u0161tine za ja\u010danje edukacijskih i tehnolo\u0161kih inovacija: Obrazovanje, na&hellip;<\/p><\/div><\/div><\/div><\/article><article class='gutentor-post-no-thumb  grid-lg-12 grid-md-4 grid-12 blog-grid'><div class=\"gutentor-single-item\"><div class=\"gutentor-single-item-image-box\"><\/div><div class=\"gutentor-post-content\"><h3 class=\"gutentor-single-item-title\"><a href=\"https:\/\/trema.hr\/?p=9139\" rel=\"bookmark\">Projekt SVJETIONIK u studenom i javne STEM manifestacije za cijelu obitelj<\/a><\/h3><div class=\"entry-meta\"><div class=\"posted-on\"><i class=\"far fa-calendar-alt\"><\/i><a href=\"https:\/\/trema.hr\/?p=9139\" rel=\"bookmark\">3 studenoga, 2025<\/a><\/div><\/div><div class=\"gutentor-post-excerpt gutentor-single-item-desc\"><p class='gutentor-single-item-desc'>\u00a0\n1 \/ 2\nProjekt SVJETIONIK u studenom i javne STEM manifestacije za cijelu obitelj\nUdruga za popular&hellip;<\/p><\/div><\/div><\/div><\/article><article class='gutentor-post-no-thumb  grid-lg-12 grid-md-4 grid-12 blog-grid'><div class=\"gutentor-single-item\"><div class=\"gutentor-single-item-image-box\"><\/div><div class=\"gutentor-post-content\"><h3 class=\"gutentor-single-item-title\"><a href=\"https:\/\/trema.hr\/?p=8716\" rel=\"bookmark\">Upisi otvoreni: STEM radionice za djecu<\/a><\/h3><div class=\"entry-meta\"><div class=\"posted-on\"><i class=\"far fa-calendar-alt\"><\/i><a href=\"https:\/\/trema.hr\/?p=8716\" rel=\"bookmark\">17 rujna, 2025<\/a><\/div><\/div><div class=\"gutentor-post-excerpt gutentor-single-item-desc\"><p class='gutentor-single-item-desc'><\/p><\/div><\/div><\/div><\/article><\/div><\/div><\/div><\/section>\n\n<p><img loading=\"lazy\" decoding=\"async\" class=\"alignnone size-full wp-image-9134\" src=\"https:\/\/trema.hr\/wp-content\/uploads\/2025\/11\/lenta-2.png\" alt=\"\" width=\"1394\" height=\"213\" srcset=\"https:\/\/trema.hr\/wp-content\/uploads\/2025\/11\/lenta-2.png 1394w, https:\/\/trema.hr\/wp-content\/uploads\/2025\/11\/lenta-2-768x117.png 768w\" sizes=\"auto, (max-width: 1394px) 100vw, 1394px\" \/><\/p>","protected":false},"excerpt":{"rendered":"","protected":false},"author":1,"featured_media":9129,"parent":0,"menu_order":0,"comment_status":"closed","ping_status":"closed","template":"","meta":{"footnotes":""},"class_list":["post-9133","page","type-page","status-publish","has-post-thumbnail","hentry"],"_links":{"self":[{"href":"https:\/\/trema.hr\/index.php?rest_route=\/wp\/v2\/pages\/9133","targetHints":{"allow":["GET"]}}],"collection":[{"href":"https:\/\/trema.hr\/index.php?rest_route=\/wp\/v2\/pages"}],"about":[{"href":"https:\/\/trema.hr\/index.php?rest_route=\/wp\/v2\/types\/page"}],"author":[{"embeddable":true,"href":"https:\/\/trema.hr\/index.php?rest_route=\/wp\/v2\/users\/1"}],"replies":[{"embeddable":true,"href":"https:\/\/trema.hr\/index.php?rest_route=%2Fwp%2Fv2%2Fcomments&post=9133"}],"version-history":[{"count":2,"href":"https:\/\/trema.hr\/index.php?rest_route=\/wp\/v2\/pages\/9133\/revisions"}],"predecessor-version":[{"id":9145,"href":"https:\/\/trema.hr\/index.php?rest_route=\/wp\/v2\/pages\/9133\/revisions\/9145"}],"wp:featuredmedia":[{"embeddable":true,"href":"https:\/\/trema.hr\/index.php?rest_route=\/wp\/v2\/media\/9129"}],"wp:attachment":[{"href":"https:\/\/trema.hr\/index.php?rest_route=%2Fwp%2Fv2%2Fmedia&parent=9133"}],"curies":[{"name":"wp","href":"https:\/\/api.w.org\/{rel}","templated":true}]}}