{"id":3946,"date":"2021-05-05T09:02:07","date_gmt":"2021-05-05T07:02:07","guid":{"rendered":"https:\/\/trema.hr\/?page_id=3946"},"modified":"2025-09-23T18:12:59","modified_gmt":"2025-09-23T16:12:59","slug":"pilot-projekt-biosigurnost-i-biozastita","status":"publish","type":"page","link":"https:\/\/trema.hr\/?page_id=3946","title":{"rendered":"PROJEKT  BIOSIGURNOST I BIOZA\u0160TITA"},"content":{"rendered":"\n\n<h2 style=\"text-align: center;\"><strong>Znanjem protiv pandemije<\/strong><\/h2>\n<h4><strong>Poveznica na stranicu\u00a0 projekta:<\/strong><\/h4>\n<p><a href=\"https:\/\/sites.google.com\/view\/projekt-biosigurnost\/po%C4%8Detna-stranica\">https:\/\/sites.google.com\/view\/projekt-biosigurnost\/po%C4%8Detna-stranica<\/a><\/p>\n<p>Volonterski uklju\u010deni profesorice Ines Alujevi\u0107, Kristina Prli\u0107 i Vesna Dobroni\u0107 (koordinator projekta)<\/p>\n<h4><strong>\u010clanak:<\/strong><\/h4>\n<p>Pandemija virusa SARS-CoV-2 unijela je velike promjene u na\u0161 svakodnevni \u017eivot: od ograni\u010davanja dru\u017eenja i dr\u017eanja socijalne distance do obveznog no\u0161enja maski i strogih higijenskih mjera. Nastava se nerijetko selila iz \u0161kolskih u\u010dionica u one virtualne, a broj novooboljelih i umrlih postao je tema dana. Sve je to utjecalo na razvijanje svijesti o va\u017enosti o\u010duvanja zdravlja i prevencije zaraznih bolesti. U\u010denici su na pandemijsku krizu reagirali svojom znati\u017eeljom i upitima. Kao odgovorni \u010dlanovi dru\u0161tva, u \u017eelji da daju svoj doprinos sprje\u010davanju \u0161irenja zaraze, odlu\u010dili su se uhvatiti uko\u0161tac s problemom onako kako najbolje mogu \u2013 znanjem.<\/p>\n<p>\u0160kola se uklju\u010dila u projekt \u201eBiosigurnost i bioza\u0161tita\u201c, \u010diji su nositelji Klinika za infektivne bolesti \u201eDr. Fran Mihaljevi\u0107\u201c, Hrvatski zavod za javno zdravstvo i Hrvatsko dru\u0161tvo za biosigurnost i bioza\u0161titu. U sklopu projekta u\u010denici su izra\u0111ivali plakate i prezentacije na zadane teme u okviru nastave Kemije i Biologije te izvannastavne grupe \u201eMladi prirodoslovac\u201c. Sudjeluju\u0107i u projektu, istra\u017eivali su razli\u010dite izvore znanja, prikupljali i vrednovali informacije te tako pro\u0161irivali vlastito znanje i prenosili ga na svoje kolege. Najve\u0107i je interes izazvala tema \u201eKako se za\u0161tititi od zaraznih bolesti\u201c. Maske \u2013 jedno od osnovnih sredstava za\u0161tite \u2013 postale su nezaobilazan dio na\u0161e svakodnevice, zbog \u010dega je poseban naglasak stavljen upravo na njih. Istra\u017eivao se kemijski sastav razli\u010ditih vrsta maski, razmatrao njihov utjecaj na zdravlje \u010dovjeka, ali i ekosustava, te se educiralo o pravilnoj uporabi, odr\u017eavanju i odlaganju maski. U lipnju 2021. odr\u017eana je Dr\u017eavna smotra u\u010deni\u010dkih radova, na kojoj su na\u0161u \u0161kolu predstavljali Antonia Ka\u0107uni\u0107 i Josip Ru\u017ei\u0107, u\u010denici 2.c razreda.<\/p>\n<p>Stara izreka ka\u017ee da je bolje sprije\u010diti nego lije\u010diti, a za sprje\u010davanje se potrebno educirati i \u00a0preuzeti odgovornost, stoga smo, u nastojanju da doprinesemo prekidanju epidemiolo\u0161kog lanca, postali jedna od karika u ovom edukativnom lancu.<\/p>\n<p>U nastavku pogledajte nekoliko u\u010deni\u010dkih radova. Sigurno \u0107ete nai\u0107i na neke nove, zanimljive i korisne informacije. Budite odgovorni \u2013 educirajte se!<\/p>\n<p>Kristina Prli\u0107, prof., Vesna Dobroni\u0107, prof.<\/p>\n<p>\u00a0 \u00a0 \u00a0 \u00a0 \u00a0 \u00a0 \u00a0 \u00a0 \u00a0 \u00a0 \u00a0 \u00a0 \u00a0 \u00a0 \u00a0 \u00a0 \u00a0 \u00a0 \u00a0 \u00a0 \u00a0 \u00a0 \u00a0 <img loading=\"lazy\" decoding=\"async\" class=\"alignnone  wp-image-4154\" src=\"https:\/\/trema.hr\/wp-content\/uploads\/2021\/06\/smotra-plakat-48-page-001-2-300x300.jpg\" alt=\"\" width=\"209\" height=\"209\" srcset=\"https:\/\/trema.hr\/wp-content\/uploads\/2021\/06\/smotra-plakat-48-page-001-2-300x300.jpg 300w, https:\/\/trema.hr\/wp-content\/uploads\/2021\/06\/smotra-plakat-48-page-001-2-1024x1024.jpg 1024w, https:\/\/trema.hr\/wp-content\/uploads\/2021\/06\/smotra-plakat-48-page-001-2-150x150.jpg 150w\" sizes=\"auto, (max-width: 209px) 100vw, 209px\" \/>\u00a0 \u00a0 \u00a0 \u00a0<img loading=\"lazy\" decoding=\"async\" class=\"wp-image-3947 alignnone\" src=\"https:\/\/trema.hr\/wp-content\/uploads\/2021\/05\/3a88df9a-cdf7-4e5a-b1c8-36bd148972d9-300x300.jpg\" alt=\"\" width=\"209\" height=\"209\" srcset=\"https:\/\/trema.hr\/wp-content\/uploads\/2021\/05\/3a88df9a-cdf7-4e5a-b1c8-36bd148972d9-300x300.jpg 300w, https:\/\/trema.hr\/wp-content\/uploads\/2021\/05\/3a88df9a-cdf7-4e5a-b1c8-36bd148972d9-1024x1024.jpg 1024w, https:\/\/trema.hr\/wp-content\/uploads\/2021\/05\/3a88df9a-cdf7-4e5a-b1c8-36bd148972d9-150x150.jpg 150w\" sizes=\"auto, (max-width: 209px) 100vw, 209px\" \/><\/p>\n<h4>\u00a0<\/h4>\n<h4><strong>Dojmovi u\u010denika:<\/strong><\/h4>\n<p><span data-contrast=\"auto\">Trenutno najaktualnija, svjetski ra\u0161irena\u00a0tema zasigurno\u00a0bi\u00a0bila pandemija\u00a0uzrokovana\u00a0koronavirusom\u00a0SARS-CoV-2\u00a0i izazovi koje ona nosi. U vremenu socijalne distance, ograni\u010denog dru\u017eenja\u00a0i no\u0161enja maski va\u017eno se educirati i doprinijeti suzbijanju \u0161irenja ove kobne\u00a0respiratorne infekcije.\u00a0\u017dele\u0107i saznati vi\u0161e o<\/span><b><span data-contrast=\"auto\">\u00a0<\/span><\/b><span data-contrast=\"auto\">prevenciji zaraze, prijavili smo se na\u00a0pilot-projekt \u201eBiosigurnost\u00a0i\u00a0bioza\u0161tita\u201c.\u00a0<\/span><span data-ccp-props=\"{&quot;201341983&quot;:0,&quot;335559739&quot;:160,&quot;335559740&quot;:259}\">\u00a0<\/span><\/p>\n<p><span data-contrast=\"auto\">Rade\u0107i na projektu, mnogo smo se zabavili i nau\u010dili pregr\u0161t novih\u00a0informacija\u00a0o prevenciji Covida-19, ali i drugih, jednako opasnih zaraznih bolesti. Tako\u0111er, kroz dru\u017eenje\u00a0smo se me\u0111usobno povezali i zajedni\u010dkim snagama napravili interaktivni plakat i\u00a0videouradak\u00a0kojima smo predstavljali na\u0161u \u0161kolu na smotri. Projekt nam se uistinu svidio; potakao nas je na istra\u017eivanje i saznavanje\u00a0informacija\u00a0o prevenciji, ali i o samoj\u00a0prirodi\u00a0zaraza\u00a0te se nadamo da \u0107e produkt na\u0161eg truda i rada educirati ostale\u00a0i\u00a0inspirirati\u00a0ih\u00a0na prakticiranje zdravijeg \u017eivota bez\u00a0bolesti.<\/span><span data-ccp-props=\"{&quot;201341983&quot;:0,&quot;335559739&quot;:160,&quot;335559740&quot;:259}\">\u00a0<\/span><\/p>\n<p><span data-contrast=\"auto\">Iako smo zavr\u0161nu\u00a0ceremoniju pratili online, uzbu\u0111enja nije izostalo. Na konferencijama\u00a0smo \u010duli inspiriraju\u0107e rije\u010di\u00a0ravnateljice Klinike za infektivne bolesti \u201eDr.\u00a0Fran\u00a0Mihaljevi\u0107\u201c i predsjednice Hrvatskog dru\u0161tva za\u00a0biosigurnost\u00a0i\u00a0bioza\u0161titu\u00a0prof. dr. sc. Alemke\u00a0Markoti\u0107,\u00a0ministra znanosti i obrazovanja\u00a0prof. dr. sc. Radovana Fuchsa\u00a0te\u00a0ministra zdravstva izv.\u00a0prof. dr. sc.\u00a0Vilija\u00a0Bero\u0161a.\u00a0Ceremonija je bila\u00a0jako\u00a0interesantna;\u00a0u\u017eivali smo\u00a0gledaju\u0107i uratke drugih \u0161kola i\u00a0u\u010de\u0107i ne\u0161to novo\u00a0o \u017eivotu dr.\u00a0Frana\u00a0Mihaljevi\u0107a\u00a0i dr. Andrije \u0160tampara te\u00a0o opasnom svijetu zaraznih bolesti.\u00a0Nakon ceremonije bili smo ponosni\u00a0\u0161to smo sudjelovali na projektu bitnom za bu\u0111enje ljudske svijesti o zdravijem \u017eivotu bez zaraze. I za kraj, zapamtite-\u00a0zaraziti se lako, a \u0161tititi se mo\u017ee svatko!<\/span><span data-ccp-props=\"{&quot;201341983&quot;:0,&quot;335559739&quot;:160,&quot;335559740&quot;:259}\">\u00a0<\/span><\/p>\n<p><span data-contrast=\"auto\">Antonia\u00a0Ka\u0107uni\u0107\u00a0i Josip Ru\u017ei\u0107, 2.c<\/span><span data-contrast=\"auto\">;\u00a0<\/span>\u00a0<br \/><span data-contrast=\"auto\">mentor: Vesna Dobroni\u0107, prof.<\/span><span data-ccp-props=\"{&quot;201341983&quot;:0,&quot;335551550&quot;:3,&quot;335551620&quot;:3,&quot;335559739&quot;:160,&quot;335559740&quot;:259}\">\u00a0<\/span><\/p>\n<p><span data-contrast=\"auto\">Video\u00a0uradak\u00a0predstavljanja\u00a0uradka:\u00a0<\/span><a href=\"https:\/\/youtu.be\/wKlXMExCvaw\"><span data-contrast=\"none\">https:\/\/youtu.be\/wKlXMExCvaw<\/span><\/a><span data-contrast=\"auto\">\u00a0<\/span><span data-ccp-props=\"{&quot;201341983&quot;:0,&quot;335551550&quot;:3,&quot;335551620&quot;:3,&quot;335559739&quot;:160,&quot;335559740&quot;:259}\">\u00a0<\/span><\/p>\n<p>\u00a0<\/p>","protected":false},"excerpt":{"rendered":"<p>Znanjem protiv pandemije Poveznica na stranicu\u00a0 projekta: https:\/\/sites.google.com\/view\/projekt-biosigurnost\/po%C4%8Detna-stranica Volonterski uklju\u010deni profesorice Ines Alujevi\u0107, Kristina Prli\u0107 i Vesna Dobroni\u0107 (koordinator projekta) \u010clanak: Pandemija virusa SARS-CoV-2 unijela je velike promjene u na\u0161 svakodnevni \u017eivot: od ograni\u010davanja dru\u017eenja i dr\u017eanja socijalne distance do obveznog no\u0161enja maski i strogih higijenskih mjera. Nastava se nerijetko selila iz \u0161kolskih u\u010dionica u&hellip;<\/p>\n","protected":false},"author":1,"featured_media":4520,"parent":802,"menu_order":0,"comment_status":"closed","ping_status":"closed","template":"","meta":{"footnotes":""},"class_list":["post-3946","page","type-page","status-publish","has-post-thumbnail","hentry"],"_links":{"self":[{"href":"https:\/\/trema.hr\/index.php?rest_route=\/wp\/v2\/pages\/3946","targetHints":{"allow":["GET"]}}],"collection":[{"href":"https:\/\/trema.hr\/index.php?rest_route=\/wp\/v2\/pages"}],"about":[{"href":"https:\/\/trema.hr\/index.php?rest_route=\/wp\/v2\/types\/page"}],"author":[{"embeddable":true,"href":"https:\/\/trema.hr\/index.php?rest_route=\/wp\/v2\/users\/1"}],"replies":[{"embeddable":true,"href":"https:\/\/trema.hr\/index.php?rest_route=%2Fwp%2Fv2%2Fcomments&post=3946"}],"version-history":[{"count":1,"href":"https:\/\/trema.hr\/index.php?rest_route=\/wp\/v2\/pages\/3946\/revisions"}],"predecessor-version":[{"id":8656,"href":"https:\/\/trema.hr\/index.php?rest_route=\/wp\/v2\/pages\/3946\/revisions\/8656"}],"up":[{"embeddable":true,"href":"https:\/\/trema.hr\/index.php?rest_route=\/wp\/v2\/pages\/802"}],"wp:featuredmedia":[{"embeddable":true,"href":"https:\/\/trema.hr\/index.php?rest_route=\/wp\/v2\/media\/4520"}],"wp:attachment":[{"href":"https:\/\/trema.hr\/index.php?rest_route=%2Fwp%2Fv2%2Fmedia&parent=3946"}],"curies":[{"name":"wp","href":"https:\/\/api.w.org\/{rel}","templated":true}]}}