{"id":103,"date":"2016-10-17T08:00:17","date_gmt":"2016-10-17T08:00:17","guid":{"rendered":"http:\/\/www.demo.acmethemes.com\/education-base\/?page_id=7"},"modified":"2026-04-27T07:58:33","modified_gmt":"2026-04-27T05:58:33","slug":"technology","status":"publish","type":"page","link":"https:\/\/trema.hr\/?page_id=103","title":{"rendered":"\u0160kolsko sportsko dru\u0161tvo"},"content":{"rendered":"<section class=\"gutentor-section gutentor-blog-post-wrapper blog-template1 wp-block-gutentor-blog-post\" id=\"section-g-2t9txsx\" >\n<div class='grid-container'><div class=\"gutentor-block-header\"><div class=\"gutentor-section-title enable-title-design seperator-bottom text-center \"  >\n<h2 class=\"gutentor-title\">\n<strong>Vijesti s terena<\/strong><\/h2>\n<\/div>\n<\/div><div class='gutentor-grid-item-wrap '  ><div class='grid-row ' ><article class='gutentor-post-no-thumb  grid-lg-6 grid-md-4 grid-12 blog-grid'><div class=\"gutentor-single-item\"><div class=\"gutentor-post-content\"><h3 class=\"gutentor-single-item-title\"><a href=\"https:\/\/trema.hr\/?p=9899\" rel=\"bookmark\">Na\u0161i atleti\u010dari me\u0111u najboljima u dr\u017eavi!<\/a><\/h3><div class=\"entry-meta\"><div class=\"posted-on\"><i class=\"far fa-calendar-alt\"><\/i><a href=\"https:\/\/trema.hr\/?p=9899\" rel=\"bookmark\">27 travnja, 2026<\/a><\/div><\/div><div class=\"gutentor-post-excerpt gutentor-single-item-desc\"><p class='gutentor-single-item-desc'>U Karlovcu je 22. i 23. travnja 2026. odr\u017eano Dr\u017eavno natjecanje u atletici na kojem su snage odmjer&hellip;<\/p><\/div><\/div><\/div><\/article><article class='gutentor-post-no-thumb  grid-lg-6 grid-md-4 grid-12 blog-grid'><div class=\"gutentor-single-item\"><div class=\"gutentor-post-content\"><h3 class=\"gutentor-single-item-title\"><a href=\"https:\/\/trema.hr\/?p=9772\" rel=\"bookmark\">Gradsko i \u017eupanijsko natjecanje u atletici<\/a><\/h3><div class=\"entry-meta\"><div class=\"posted-on\"><i class=\"far fa-calendar-alt\"><\/i><a href=\"https:\/\/trema.hr\/?p=9772\" rel=\"bookmark\">15 travnja, 2026<\/a><\/div><\/div><div class=\"gutentor-post-excerpt gutentor-single-item-desc\"><p class='gutentor-single-item-desc'>Gradsko i \u017eupanijsko natjecanje u atletici za srednje \u0161kole odr\u017eano je 10. travnja 2026. godine u Pa&hellip;<\/p><\/div><\/div><\/div><\/article><article class='gutentor-post-no-thumb  grid-lg-6 grid-md-4 grid-12 blog-grid'><div class=\"gutentor-single-item\"><div class=\"gutentor-post-content\"><h3 class=\"gutentor-single-item-title\"><a href=\"https:\/\/trema.hr\/?p=9672\" rel=\"bookmark\">SPORTSKI REZULTATI 2026.<\/a><\/h3><div class=\"entry-meta\"><div class=\"posted-on\"><i class=\"far fa-calendar-alt\"><\/i><a href=\"https:\/\/trema.hr\/?p=9672\" rel=\"bookmark\">17 o\u017eujka, 2026<\/a><\/div><\/div><div class=\"gutentor-post-excerpt gutentor-single-item-desc\"><p class='gutentor-single-item-desc'>Dana 5.,6. i 7.03. odr\u017eano je Dr\u017eavno prvenstvo u badmintonu, tradicionalno u Pore\u010du. Nakon osvojeno&hellip;<\/p><\/div><\/div><\/div><\/article><article class='gutentor-post-has-thumb  grid-lg-6 grid-md-4 grid-12 blog-grid'><div class=\"gutentor-single-item\"><div class=\"gutentor-post-content\"><h3 class=\"gutentor-single-item-title\"><a href=\"https:\/\/trema.hr\/?p=400\" rel=\"bookmark\">Pliva\u010dko \u017eupanijsko prvenstvo u ekipnom natjecanju<\/a><\/h3><div class=\"entry-meta\"><div class=\"posted-on\"><i class=\"far fa-calendar-alt\"><\/i><a href=\"https:\/\/trema.hr\/?p=400\" rel=\"bookmark\">11 prosinca, 2019<\/a><\/div><\/div><div class=\"gutentor-post-excerpt gutentor-single-item-desc\"><p class='gutentor-single-item-desc'>Godinu\n 2019. zaokru\u017eujemo napetom zavr\u0161nicom pliva\u010dkog \u017eupanijskog prvenstva u\n ekipnom natjecanju &hellip;<\/p><\/div><\/div><\/div><\/article><\/div><\/div><\/div><\/section>\n\n<p>\u00a0<\/p>\n<h2>Voditelj: Aktiv TZK<\/h2>\n<h3>\u00abJedno od temeljnih prava \u010dovjeka je postizanje najve\u0107eg stupnja zdravlja\u00bb. Stanje zdravlja je, ne samo odsustvo bolesti i nemo\u0107i, ve\u0107 \u00abstanje potpunog tjelesnog i socijalnog blagostanja\u00bb, \u0161to je neostvarivo bez tjelesne vje\u017ebe. \u0160kolsko sportsko dru\u0161tvo koje djeluje pri III. gimnaziji pod nazivom \u00abInformati\u010dar\u00bb okuplja veliki broj u\u010denika (preko 150) s ciljem stjecanja znanja o na\u010dinu treniranja i natjecanja. Treningom i natjecanjima posti\u017ee se zdravi stil \u017eivljenja u svrhu o\u010duvanja zdravlja i tjelesnog razvitka kao suprotnost negativnim vrijednostima (droga, pu\u0161enje, alkohol) te poti\u010de i razvija osje\u0107aj za o\u010duvanje prirode kroz boravak u prirodi, ekolo\u0161ke aktivnosti, sportske igre, natjecanja i zabavu. \u0160kolsko sportsko dru\u0161tvo \u201eInformati\u010dar\u201c sudjelovat \u0107e na svim natjecanjima koje organizira \u0160kolski sportski savez grada Splita, a to su: nogomet, ko\u0161arka, rukomet, odbojka, stolni tenis, strelja\u0161tvo, atletika, jesenski i proljetni kros, skijanje, Marjanska \u0161tafeta.<\/h3>\n<h2>DANI SPORTA U \u0160KOLI:<\/h2>\n<ul>\n<li>Hrvatski olimpijski dan \u201310. rujna<\/li>\n<li>Dodjela nagrade \u201eFranjo Bu\u010dar&#8221; krajem studenog<\/li>\n<li>Me\u0111unarodni dan sporta -31. studenog<\/li>\n<li>Dan \u0160kole \u201321. o\u017eujka<\/li>\n<li>Sudamja \u20137. svibnja<\/li>\n<li>MIOC Open i MIOC Closed \u2013na po\u010detku i na kraju \u0161kolske godine<\/li>\n<\/ul>\n<p>Ove dane obilje\u017eit \u0107emo sportskim susretima, izletima, izradom i ure\u0111enjem panoa.<\/p>","protected":false},"excerpt":{"rendered":"<p>\u0160kolsko sportsko dru\u0161tvo \u201eInformati\u010dar\u201c sudjeluje na natjecanjima iz nogometa, ko\u0161arke, rukometa, odbojke, stolnog tenisa, strelja\u0161tva, atletike, jesenskog i proljetnog krosa, skijanja, Marjanske \u0161tafete.<\/p>\n","protected":false},"author":1,"featured_media":6672,"parent":0,"menu_order":0,"comment_status":"closed","ping_status":"closed","template":"","meta":{"footnotes":""},"class_list":["post-103","page","type-page","status-publish","has-post-thumbnail","hentry"],"_links":{"self":[{"href":"https:\/\/trema.hr\/index.php?rest_route=\/wp\/v2\/pages\/103","targetHints":{"allow":["GET"]}}],"collection":[{"href":"https:\/\/trema.hr\/index.php?rest_route=\/wp\/v2\/pages"}],"about":[{"href":"https:\/\/trema.hr\/index.php?rest_route=\/wp\/v2\/types\/page"}],"author":[{"embeddable":true,"href":"https:\/\/trema.hr\/index.php?rest_route=\/wp\/v2\/users\/1"}],"replies":[{"embeddable":true,"href":"https:\/\/trema.hr\/index.php?rest_route=%2Fwp%2Fv2%2Fcomments&post=103"}],"version-history":[{"count":1,"href":"https:\/\/trema.hr\/index.php?rest_route=\/wp\/v2\/pages\/103\/revisions"}],"predecessor-version":[{"id":9907,"href":"https:\/\/trema.hr\/index.php?rest_route=\/wp\/v2\/pages\/103\/revisions\/9907"}],"wp:featuredmedia":[{"embeddable":true,"href":"https:\/\/trema.hr\/index.php?rest_route=\/wp\/v2\/media\/6672"}],"wp:attachment":[{"href":"https:\/\/trema.hr\/index.php?rest_route=%2Fwp%2Fv2%2Fmedia&parent=103"}],"curies":[{"name":"wp","href":"https:\/\/api.w.org\/{rel}","templated":true}]}}